{"id":73,"date":"2023-12-13T19:04:28","date_gmt":"2023-12-13T19:04:28","guid":{"rendered":"https:\/\/www.soli-asyl-potsdam.de\/?page_id=73"},"modified":"2023-12-14T14:45:04","modified_gmt":"2023-12-14T13:45:04","slug":"ich-mochte-unterstutzen","status":"publish","type":"page","link":"https:\/\/www.soli-asyl-potsdam.de\/?page_id=73","title":{"rendered":"Ich m\u00f6chte unterst\u00fctzen"},"content":{"rendered":"\n<p><\/p>\n\n\n\n<p class=\"has-black-color has-text-color has-link-color wp-elements-6ec758aa1f5ea8f7e9c25d41a61315c2\" style=\"font-size:16px\"><strong>\u201eIch w\u00fcrde Menschen verstecken, um sie vor Abschiebung zu sch\u00fctzen! Meine Solidarit\u00e4t gegen die Politik der Abschiebung und Ausgrenzung. F\u00fcr eine Gesellschaft von Allen und f\u00fcr Alle.&#8221;<\/strong><\/p>\n\n\n\n<p class=\"has-black-color has-text-color has-link-color wp-elements-4a88be2a697d0f0914334b1b4245a837\" style=\"font-size:16px\">F\u00fcr deine Unterst\u00fctzung sind wir dir sehr dankbar. Kontaktiere uns gerne \u00fcber unser <a href=\"https:\/\/www.soli-asyl-potsdam.de\/?page_id=119\" data-type=\"page\" data-id=\"119\"><mark style=\"background-color:rgba(0, 0, 0, 0)\" class=\"has-inline-color has-vivid-cyan-blue-color\">Formular<\/mark><\/a>.<\/p>\n\n\n\n<p class=\"has-black-color has-text-color has-link-color wp-elements-253c4ffadd76e7c5f8e33cb4c4f66da9\" style=\"font-size:16px\">Du kannst uns auf zahlreichen Arten unterst\u00fctzen:\u00a0<\/p>\n\n\n\n<details class=\"wp-block-details has-black-color has-text-color has-link-color has-medium-font-size wp-elements-8b3b9bcb67cc5a462508b046bd6a8f2f is-layout-flow wp-block-details-is-layout-flow\"><summary><strong>1. Zimmer zur Verf\u00fcgung stellen in Potsdam oder Brandenburg<\/strong><\/summary>\n<p class=\"has-black-color has-text-color has-link-color wp-elements-bc8507ce43efb48ec6ebafdf6323a52d\" style=\"font-size:16px\">Passende Zimmer sind f\u00fcr unsere Arbeit das Wichtigste:&nbsp;<\/p>\n\n\n\n<p class=\"has-black-color has-text-color has-link-color wp-elements-d6503958b8c642f474d5d0542feec467\" style=\"font-size:16px\">Menschen, die sich gegen ihre Abschiebung wehren, sind in einer Stresssitation und brauchen freundliche und ehrliche Mitbewohner*innen in einer sicheren Umgebung.&nbsp;<\/p>\n\n\n\n<p class=\"has-black-color has-text-color has-link-color wp-elements-ec46c5cb2ec267c2f8568173efe16fda\" style=\"font-size:16px\">Ihr seid vielleicht unsicher, habt feste Kriterien (z.B. Geschlecht, Sprache, Zeitraum), bef\u00fcrchtet viel Arbeit oder w\u00fcnscht euch von uns konkrete Unterst\u00fctzung? Sagt uns Bescheid, wir besprechen gerne eure Bedarfe und W\u00fcnsche gemeinsam.<\/p>\n\n\n\n<p class=\"has-black-color has-text-color has-link-color wp-elements-ee183fa7c65a50f63c39e59ad37851c8\" style=\"font-size:16px\">Hier seht ihr schon einmal vier M\u00f6glichkeiten der konkreten Unterst\u00fctzung:<\/p>\n\n\n\n<p class=\"has-black-color has-text-color has-link-color wp-elements-0550278ef8c0b0da25ee76c497d86842\" style=\"font-size:16px\"><strong>Modell 1 <\/strong>\u2013 Die Couch \u2013 f\u00fcr wenige Tage<\/p>\n\n\n\n<p class=\"has-black-color has-text-color has-link-color wp-elements-d138db6780821f5e3e15469f4e63360d\" style=\"font-size:16px\">Die Couch steht in der Wohnung und ein Mensch kann darauf schlafen. Die Bedingungen geben einen l\u00e4ngeren Aufenthalt nicht her. Aber f\u00fcr zwei, drei N\u00e4chte ist das immer mal wieder m\u00f6glich. Du gibst uns deinen Kontakt und wir fragen dich hin und wieder, ob eine kurzfristige Unterbringung m\u00f6glich ist.<\/p>\n\n\n\n<p class=\"has-black-color has-text-color has-link-color wp-elements-0fa6dead668a8ac0ed695ace9f6a4f29\" style=\"font-size:16px\"><strong>Modell 2 <\/strong>\u2013 Das G\u00e4stezimmer oder die Zwischenmiete \u2013 f\u00fcr einige Wochen oder Monate<sup data-fn=\"b2a972ab-469d-4fe1-90cd-062f09198a3b\" class=\"fn\"><a href=\"#b2a972ab-469d-4fe1-90cd-062f09198a3b\" id=\"b2a972ab-469d-4fe1-90cd-062f09198a3b-link\">1<\/a><\/sup><\/p>\n\n\n\n<p class=\"has-black-color has-text-color has-link-color wp-elements-cacad9814f7a5e5ff12853a3400133f7\" style=\"font-size:16px\">Bei euch in der Familie oder in der WG gibt es dieses Zimmer, was als G\u00e4stezimmer oder Arbeitszimmer benutzt wird, aber oft leer steht. Oder eine*r von euch plant einen mehrw\u00f6chigen Urlaub und sucht eine Zwischenmiete.<\/p>\n\n\n\n<p class=\"has-black-color has-text-color has-link-color wp-elements-e28d94afca046179bb3f024944968284\" style=\"font-size:16px\">F\u00fcr mehrere Wochen, m\u00f6glicherweise Monate, k\u00f6nnten wir euch ggf. eine*n Mitbewohner*in vermitteln. Wir begleiten euch und die Person dann \u00fcber den gesamten Zeitraum in wichtigen Anliegen und Fragen.<\/p>\n\n\n\n<p class=\"has-black-color has-text-color has-link-color wp-elements-f15d37a8476ec04c7126962d06941aad\" style=\"font-size:16px\"><strong>Modell 3 <\/strong>\u2013 Die Schutzwohnung \u2013 theoretisch: f\u00fcr mehrere Jahre<\/p>\n\n\n\n<p class=\"has-black-color has-text-color has-link-color wp-elements-77a5b159e8785e639bde0faf1d3f877d\" style=\"font-size:16px\">Ihr seid eine Gruppe von Menschen mit genug Zeit und organisatorischen Kapazit\u00e4ten. Ihr wollt eine Wohnung anmieten, habt brilliante Ideen, wie ihr Miete und Nebenkosten gegenfinanzieren k\u00f6nnt und wollt loslegen \u2013 dann los! Schreibt uns gerne, wenn ihr Erfahrungen mit uns austauschen wollt oder sonstige Bedarfe habt.<\/p>\n\n\n\n<p class=\"has-black-color has-text-color has-link-color wp-elements-daf611a93aaef3c7311799938d19fb34\" style=\"font-size:16px\"><strong>Modell 4<\/strong> \u2013 Das Hausprojekt\/Der Wagenplatz \u2013 Wochen bis Jahre<\/p>\n\n\n\n<p class=\"has-black-color has-text-color has-link-color wp-elements-a1a6b85c55ac1ad737134c560aa5ac1c\" style=\"font-size:16px\">Bei euch im Hausprojekt, auf dem Wagenplatz gibt es im Grunde viele R\u00e4ume, es ist immer was los und zudem habt ihr auch einen politischen Anspruch. Warum also nicht R\u00e4ume zur Verf\u00fcgung stellen? Auch in unserer Gruppe befinden sich Menschen, die hier Erfahrungen gemacht haben, Entscheidungsprozesse begleitet haben und erfolgreich Soli-Asyl in ihren Strukturen durchgef\u00fchrt haben. Auch hier: Wir kommen gerne mit euch ins Gespr\u00e4ch!<\/p>\n\n\n\n<p class=\"has-black-color has-text-color has-link-color wp-elements-5f31c1cad1676afa3c8e17362a6d4931\" style=\"font-size:16px\"><strong>Unterst\u00fctzung durch Soli-Asyl Potsdam<\/strong><\/p>\n\n\n\n<p class=\"has-black-color has-text-color has-link-color wp-elements-fbd0e397495dca79392ca1f2854d6def\" style=\"font-size:16px\">W\u00e4hrend eine schutzsuchende Person bei dir unterkommt und ihr das m\u00f6chtet, stehen wir allen Beteiligten vom ersten bis zum letzten Tag unterst\u00fctzend zur Seite.<\/p>\n\n\n\n<p class=\"has-black-color has-text-color has-link-color wp-elements-5a7e2230f514ed372e701285c24fc150\" style=\"font-size:16px\">Wir arrangieren das Kennenlernen und helfen beiden Seiten dabei, wichtige Absprachen zu treffen.&nbsp;<\/p>\n\n\n\n<p class=\"has-black-color has-text-color has-link-color wp-elements-1da0edd49ea3429a9e17a7900b09193a\" style=\"font-size:16px\">Wir gehen mit der Person wenn n\u00f6tig zur Ausl\u00e4nderbeh\u00f6rde oder Rechtsanw\u00e4lt*in, zeigen ihr die neue Umgebung, organisieren Arzttermine oder oder gehen mal abends zusammen aus. Wir beschaffen bei Bedarf Geld f\u00fcr Lebenshaltungskosten, Fahrten oder andere Dinge.&nbsp;<\/p>\n\n\n\n<p class=\"has-black-color has-text-color has-link-color wp-elements-df084bd212b357702b7c9c4799317aef\" style=\"font-size:16px\">Wenn ihr f\u00fcr das Zimmer eine Miete oder die Nebenkosten nicht \u00fcbernehmen k\u00f6nnt, begleichen wir diese Kosten. Kommt es zu Problemen oder Konflikten, unterst\u00fctzen wir bei der Kl\u00e4rung und k\u00fcmmern uns wenn n\u00f6tig um eine andere Unterbringung.&nbsp;<\/p>\n\n\n\n<p class=\"has-black-color has-text-color has-link-color wp-elements-f7d49bb912ae2bf958334ffcb1b03267\" style=\"font-size:16px\"><strong>Risiken<\/strong><\/p>\n\n\n\n<p class=\"has-black-color has-text-color has-link-color wp-elements-7b2c70d05ee9ce9c3610f31b30bbbe61\" style=\"font-size:16px\">Wenn du eine Person aufnimmst, die im Besitz einer Duldung oder eines anderen g\u00fcltigen Ausweisdokuments ist, handelt es sich hierbei um eine rechtlich unbedenkliche Gastfreund*innenschaft.&nbsp;<\/p>\n\n\n\n<p class=\"has-black-color has-text-color has-link-color wp-elements-7cf9cb732dd47d6f2248c6b8a4884968\" style=\"font-size:16px\">Sollte die Person illegalisiert sein &#8211; also ohne Papiere und Aufenthaltstitel -, m\u00fcssten Richter*innen in einem Gerichtsprozess nachweisen, dass du wusstest, dass die Person zu dem Zeitpunkt illegalisiert war.&nbsp;<\/p>\n\n\n\n<p class=\"has-black-color has-text-color has-link-color wp-elements-7238ebcdb5937229e6e824a062c71a01\" style=\"font-size:16px\">Laut des deutschen Aufenthaltsgesetzes (\u00a796 AufenthG) kann sich eine schutzbietende Person, die sich mit einer von Abschiebung bedrohten Person solidarisiert, der &#8220;Beihilfe zum unerlaubten Aufenthalt&#8221; schuldig machen. W\u00e4hrend die gesetzliche H\u00f6chststrafe bei einem Jahr Freiheitsstrafe oder einer entsprechenden Geldstrafe liegt, ist davon auszugehen, dass die Strafe, sofern keine Vorstrafen vorliegen, in den meisten F\u00e4llen geringer ausf\u00e4llt. Es ist sinnvoll, sich den Risiken einer strafrechtlichen Verfolgung bewusst zu sein. Gastgeber*innen tragen dennoch ein geringeres Risiko, als die Person, die abgeschoben werden soll.&nbsp;<\/p>\n\n\n\n<p class=\"has-black-color has-text-color has-link-color wp-elements-198505a463a32706ab0bce9d2ad449e4\" style=\"font-size:16px\">Mehr Infos dazu findest du unter <a href=\"https:\/\/noborderassembly.blackblogs.org\/wp-content\/uploads\/sites\/1214\/2020\/07\/Solidarity-Asyl-handbook-DE.pdf\"><mark style=\"background-color:rgba(0, 0, 0, 0)\" class=\"has-inline-color has-vivid-cyan-blue-color\">https:\/\/noborderassembly.blackblogs.org\/wp-content\/uploads\/sites\/1214\/2020\/07\/Solidarity-Asyl-handbook-DE.pdf<\/mark><\/a>&nbsp; auf Seite 7.&nbsp;<\/p>\n<\/details>\n\n\n\n<details class=\"wp-block-details has-black-color has-text-color has-link-color has-medium-font-size wp-elements-82b8273e3231072c4d93645bc22ad7ba is-layout-flow wp-block-details-is-layout-flow\"><summary><strong>2. Mitmachen<\/strong><\/summary>\n<p style=\"font-size:16px\">Du kannst uns auch mit aktiver Mitarbeit unterst\u00fctzen. Es fallen unterschiedlichste Aufgaben von Schlafplatzorga bis zur Organisation von Soli-Partys an. Wenn du Lust hast bei uns mit zu machen, schreibe uns eine Mail\/Nachricht an (Mail und Handynummer einf\u00fcgen) oder sprich bei unserer n\u00e4chsten \u00f6ffentlichen Aktion mit uns und wir laden dich zu einem pers\u00f6nlichen Treffen ein, um dich kennenzulernen.<\/p>\n<\/details>\n\n\n\n<details class=\"wp-block-details has-black-color has-text-color has-link-color has-medium-font-size wp-elements-1017f075fa673faaeb011d057b19227e is-layout-flow wp-block-details-is-layout-flow\"><summary><strong>3. Dolmetschen und \u00dcbersetzen&nbsp;<\/strong><\/summary>\n<p class=\"has-black-color has-text-color has-link-color wp-elements-210df0e957a5f3156c5ae3912f11430f\" style=\"font-size:16px\">Du kannst uns mit dem \u00dcbersetzen von Texten und Dolmetschen bei wichtigen Terminen helfen.&nbsp;<\/p>\n\n\n\n<p class=\"has-black-color has-text-color has-link-color wp-elements-ebd1fd53ef5f0cc4ffc00c0eb244c2a4\" style=\"font-size:16px\">Besonders hilfreich sind Kenntnisse im Englisch, Franz\u00f6sisch, Arabisch und Farsi. Auch f\u00fcr diese Website suchen wir noch \u00dcbersetzer*innen und freuen uns, wenn du dich bei uns meldest.<\/p>\n<\/details>\n\n\n\n<details class=\"wp-block-details has-black-color has-text-color has-link-color has-medium-font-size wp-elements-b5fa69f99a668ca09b12763438d47618 is-layout-flow wp-block-details-is-layout-flow\"><summary>4. Spenden<\/summary>\n<p class=\"has-black-color has-text-color has-link-color wp-elements-b82ecc564dd00b26ab4f938d9e084a24\" style=\"font-size:16px\">Jede Spende z\u00e4hlt!&nbsp;<br>Mit deiner Spende hilfst du, unsere Kosten zu decken.&nbsp;<\/p>\n\n\n\n<p class=\"has-black-color has-text-color has-link-color wp-elements-01a6cf16023e0f3a9840eb08c64ad760\" style=\"font-size:16px\">Mit den Spenden bezahlen wir die Kosten f\u00fcr Miete, Nebenkosten, Rechtsanw\u00e4lt*innen, \u00dcbersetzung, Lebenshaltung, und Fahrtkosten.<br>Tolle M\u00f6glichkeiten zum Spenden-Sammeln sind \u00fcbrigens Veranstaltungen: eine Geburtstagsfeier, eine Tombola oder ein Unterst\u00fctzungs-Brunch im Freund*innenkreis sind schnell organisiert.&nbsp;Aber auch gr\u00f6\u00dfere Events wie Soli-Parties, Benefiz-Konzerte oder Spenden-Marathons bringen nicht nur Geld, sondern machen auch das Problem der Abschiebepolitik einer gr\u00f6\u00dferen \u00d6ffentlichkeit bekannt.&nbsp;<\/p>\n\n\n\n<p class=\"has-black-color has-text-color has-link-color wp-elements-60e7761487474996ba98f6d14a098482\" style=\"font-size:16px\">Schreib uns gerne an, wenn du daf\u00fcr Unterst\u00fctzung brauchst: Wir bringen gerne Info-Material vorbei oder machen einen Info-Tisch.&nbsp;<\/p>\n\n\n\n<p class=\"has-black-color has-text-color has-link-color wp-elements-ba78710cfa9129ef2b9fbdc9742b15ea\" style=\"font-size:16px\">F\u00fcr unsere Arbeit ist Bargeld die sicherste Form.<\/p>\n\n\n\n<p class=\"has-black-color has-text-color has-link-color wp-elements-c5c73281999c1dd8bcf6c5129ff03942\" style=\"font-size:16px\">Wir k\u00f6nnen leider keine Spendenbescheinigung herausgeben. Denn in Deutschland gilt es nicht als gemeinn\u00fctzig, Menschen vor der Abschiebung zu sch\u00fctzen.<\/p>\n<\/details>\n\n\n\n<p class=\"has-black-color has-text-color has-link-color wp-elements-9ac00cf961d1ea846fe5a532228b76c6\"><\/p>\n\n\n\n<p class=\"has-black-color has-text-color has-link-color wp-elements-946c7ea44fa4affa87e4321f4ebdc309\" style=\"font-size:16px\"><strong>Danke f\u00fcr deine Unterst\u00fctzung!<\/strong><\/p>\n","protected":false},"excerpt":{"rendered":"<p>\u201eIch w\u00fcrde Menschen verstecken, um sie vor Abschiebung zu sch\u00fctzen! Meine Solidarit\u00e4t gegen die Politik der Abschiebung und Ausgrenzung. F\u00fcr eine Gesellschaft von Allen und f\u00fcr Alle.&#8221; F\u00fcr deine Unterst\u00fctzung &#8230;<\/p>\n","protected":false},"author":1,"featured_media":0,"parent":0,"menu_order":0,"comment_status":"closed","ping_status":"closed","template":"","meta":{"footnotes":"[{\"id\":\"b2a972ab-469d-4fe1-90cd-062f09198a3b\",\"content\":\"\"}]"},"class_list":["post-73","page","type-page","status-publish","hentry"],"_links":{"self":[{"href":"https:\/\/www.soli-asyl-potsdam.de\/index.php?rest_route=\/wp\/v2\/pages\/73","targetHints":{"allow":["GET"]}}],"collection":[{"href":"https:\/\/www.soli-asyl-potsdam.de\/index.php?rest_route=\/wp\/v2\/pages"}],"about":[{"href":"https:\/\/www.soli-asyl-potsdam.de\/index.php?rest_route=\/wp\/v2\/types\/page"}],"author":[{"embeddable":true,"href":"https:\/\/www.soli-asyl-potsdam.de\/index.php?rest_route=\/wp\/v2\/users\/1"}],"replies":[{"embeddable":true,"href":"https:\/\/www.soli-asyl-potsdam.de\/index.php?rest_route=%2Fwp%2Fv2%2Fcomments&post=73"}],"version-history":[{"count":3,"href":"https:\/\/www.soli-asyl-potsdam.de\/index.php?rest_route=\/wp\/v2\/pages\/73\/revisions"}],"predecessor-version":[{"id":142,"href":"https:\/\/www.soli-asyl-potsdam.de\/index.php?rest_route=\/wp\/v2\/pages\/73\/revisions\/142"}],"wp:attachment":[{"href":"https:\/\/www.soli-asyl-potsdam.de\/index.php?rest_route=%2Fwp%2Fv2%2Fmedia&parent=73"}],"curies":[{"name":"wp","href":"https:\/\/api.w.org\/{rel}","templated":true}]}}